{"id":12039,"date":"2020-03-19T12:39:32","date_gmt":"2020-03-19T11:39:32","guid":{"rendered":"http:\/\/nima-events-dev-v1.paas.ittravelservices.com\/diseno-de-eventos-en-menorca\/"},"modified":"2025-01-05T09:16:04","modified_gmt":"2025-01-05T08:16:04","slug":"event-design-auf-menorca","status":"publish","type":"page","link":"https:\/\/nimaevents.com\/de\/event-design-auf-menorca\/","title":{"rendered":"Destino Menorca"},"content":{"rendered":"<p>[vc_row][vc_column]\n\t\t\t\t<p class=\"rs-p-wp-fix\"><\/p>\n\t\t\t\t<sr7-module data-alias=\"menorca-DE\" data-id=\"17\" id=\"SR7_17_1\" class=\"rs-ov-hidden\" data-version=\"6.7.58\">\n\t\t\t\t\t<sr7-adjuster><\/sr7-adjuster>\n\t\t\t\t\t<sr7-content>\n\t\t\t\t\t\t<sr7-slide id=\"SR7_17_1-2\" data-key=\"2\">\n\t\t\t\t\t\t\t<sr7-bg id=\"SR7_17_1-2-6\" class=\"sr7-layer\"><noscript><img decoding=\"async\" src=\"https:\/\/nimaevents.com\/wp-content\/uploads\/2020\/03\/menorca-eventos-nima-events.jpg\" alt=\"eventos en menorca\" title=\"menorca-eventos-nima-events\"><\/noscript><\/sr7-bg>\n\t\t\t\t\t\t\t<h1 id=\"SR7_17_1-2-4\" class=\"sr7-layer\">M\u00f6chten sie eine Veranstaltung auf Menorca feiern? <\/h1>\n\t\t\t\t\t\t\t<sr7-txt id=\"SR7_17_1-2-5\" class=\"sr7-layer\" srscsrc><div class=\"mkdf-separator-holder clearfix  mkdf-separator-center \">\n\t<div class=\"mkdf-separator\" style=\"border-color: #ffffff;width: 125px;border-bottom-width: 2px\"><\/div>\n<\/div>\n<\/sr7-txt>\n\t\t\t\t\t\t<\/sr7-slide>\n\t\t\t\t\t\t<sr7-slide id=\"SR7_17_1-69\" data-key=\"69\">\n\t\t\t\t\t\t<\/sr7-slide>\n\t\t\t\t\t<\/sr7-content>\n\t\t\t\t\t<image_lists style=\"display:none\">\n\t\t\t\t\t\t<img data-src=\"\/\/nimaevents.com\/wp-content\/uploads\/2020\/03\/menorca-eventos-nima-events.jpg\" data-libid=\"10547\" data-lib=\"medialibrary\" alt=\"eventos en menorca\" title=\"menorca-eventos-nima-events\" width=\"0\" height=\"0\" data-dbsrc=\"Ly9uaW1hZXZlbnRzLmNvbS93cC1jb250ZW50L3VwbG9hZHMvMjAyMC8wMy9tZW5vcmNhLWV2ZW50b3MtbmltYS1ldmVudHMuanBn\"\/>\n\t\t\t\t\t<\/image_lists>\n\t\t\t\t<\/sr7-module>\n\t\t\t\t<script>\n\t\t\t\t\twindow.SR7 ??={};SR7.PMH ??={}; SR7.PMH[\"SR7_17_1\"] = {cn:100,state:false,fn: function() { if (window._tpt!==undefined && window._tpt.prepareModuleHeight !== undefined) {  _tpt.prepareModuleHeight({id:\"SR7_17_1\",el:[700,700,600,820,500],type:'standard',shdw:'0',gh:[700,700,600,820,500],gw:[1300,1300,800,600,300],vpt:['-100px&#039;,&#039;-100px&#039;,&#039;-100px&#039;,&#039;-100px&#039;,&#039;-100px'],size:{fullWidth:true, fullHeight:true},fho:'.touch .mkdf-mobile-header,',mh:'0',onh:0,onw:0,bg:{color:'{\"orig\":\"transparent\",\"type\":\"solid\",\"string\":\"transparent\"}'},plType:'2',plColor:'#FFFFFF'});   SR7.PMH[\"SR7_17_1\"].state=true;} else if(SR7.PMH[\"SR7_17_1\"].cn-->0)\tsetTimeout( SR7.PMH[\"SR7_17_1\"].fn,19);}};SR7.PMH[\"SR7_17_1\" ].fn();\n\t\t\t\t<\/script>\n[\/vc_column][\/vc_row][vc_row css=&#8220;.vc_custom_1584350432218{padding-top: 3% !important;padding-bottom: 1% !important;background-position: 0 0 !important;background-repeat: no-repeat !important;}&#8220;][vc_column][vc_row_inner gap=&#8220;35&#8243; row_content_width=&#8220;grid&#8220;][vc_column_inner]<div class=\"mkdf-section-title-holder  \" style=\"text-align: center\">\n\t<div class=\"mkdf-st-inner\">\n\t\t\t\t\t<h6 class=\"mkdf-st-tagline\" >\n\t\t\t\tDie nachhaltigste Destination der Balearen\t\t\t<\/h6>\n\t\t\t\t\t\t\t<h2 class=\"mkdf-st-title\" >\n\t\t\t\tMenorca\t\t\t\t<span class=\"mkdf-st-title-mark\" ><\/span>\n\t\t\t<\/h2>\n\t\t\t\t\t\t\t<div class=\"mkdf-st-separator\" style=\"background-color: #9d8562\"><\/div>\n\t\t\t\t\t\t\t<\/div>\n<\/div>[vc_column_text css=&#8220;.vc_custom_1620975295602{margin-top: 2% !important;}&#8220;]<\/p>\n<p style=\"text-align: center;\">Die Insel des Windes und der Ruhe ist die zweitgr\u00f6sste der Balearen. Eine aussergew\u00f6hnliche und noch <a href=\"https:\/\/www.mortimer-reisemagazin.de\/menorca-kleines-naturparadies-im-mittelmeer\/\" target=\"_blank\" rel=\"noopener\">unentdeckte Oase<\/a> l\u00e4dt uns ein Ihre traditionelle Landschaft zu entdecken. In der sich Naturparks, atemberaubende Str\u00e4nde mit kristallklarem Meer perfekt f\u00fcr jede Wassersportart wie Windsurfen, Wasserski, Tauchen, und ein reiches kulturelles und gastronomisches Angebot mit Verwendung k\u00f6stlicher lokaler Produkte hervorheben.<\/p>\n<p style=\"text-align: center;\">Menorca ist nicht so bekannt wie <a href=\"https:\/\/nimaevents.com\/de\/events-auf-mallorca\/\">der Rest unserer Inseln<\/a> und genau dies macht sie so bemerkenswert. Besonders f\u00fcr Gruppen die eine neue Destination f\u00fcr Ihre Events suchen und ihre Teilnehmer \u00fcberraschen m\u00f6chten.<\/p>\n<p style=\"text-align: center;\">Als Full-Service <strong>Incoming-Agentur auf Menorca<\/strong> laden wir Sie ein unsere Insel zu entdecken. Haben wir Ihr Interesse geweckt?<\/p>\n<p>[\/vc_column_text][\/vc_column_inner][\/vc_row_inner][\/vc_column][\/vc_row][vc_row css=&#8220;.vc_custom_1584441827211{padding-top: 3% !important;padding-bottom: 1% !important;}&#8220;][vc_column]<div class=\"mkdf-elements-holder   mkdf-two-columns  mkdf-responsive-mode-1024 mkdf-one-column-alignment-center\" style=\"background-color: #9d8562\"><div class=\"mkdf-eh-item    \" style=\"background-image: url(https:\/\/nimaevents.com\/wp-content\/uploads\/2020\/07\/organizaci\u00f3n-de-eventos-en-menorca.jpg)\" data-item-class=\"mkdf-eh-custom-1633\">\n\t<div class=\"mkdf-eh-item-inner\">\n\t\t<div class=\"mkdf-eh-item-content mkdf-eh-custom-1633\" style=\"padding: 28% 2% 28% 2%\">\n\t\t\t[vc_empty_space height=&#8220;50px&#8220;]\t\t<\/div>\n\t<\/div>\n<\/div><div class=\"mkdf-eh-item   mkdf-horizontal-alignment-center mkdf-element-from-right\" style=\"background-color: #9d8562\" data-item-class=\"mkdf-eh-custom-5215\" data-animation=\"mkdf-element-from-right\">\n\t<div class=\"mkdf-eh-item-inner\">\n\t\t<div class=\"mkdf-eh-item-content mkdf-eh-custom-5215\" style=\"padding: 4% 18% 5% 17%\">\n\t\t\t<div class=\"mkdf-section-title-holder  \" style=\"text-align: left\">\n\t<div class=\"mkdf-st-inner\">\n\t\t\t\t\t\t\t<h2 class=\"mkdf-st-title\" style=\"color: #ffffff\">\n\t\t\t\tMenorca, MICE Destination\t\t\t\t<span class=\"mkdf-st-title-mark\" ><\/span>\n\t\t\t<\/h2>\n\t\t\t\t\t\t\t<div class=\"mkdf-st-separator\" style=\"background-color: #ffffff\"><\/div>\n\t\t\t\t\t\t\t<\/div>\n<\/div>[vc_empty_space height=&#8220;50px&#8220;][vc_column_text]<\/p>\n<p style=\"color: #ffffff; text-align: justify;\">Es stimmt, der MICE-Sektor auf Menorca befindet sich aktuell noch in der Wachstumsphase, aber dank der Leistungen von Institutionen und Unternehmen der Branche, hat sich die Insel einen Platz im Bereich Veranstaltungen ergattert und ist jetzt pr\u00e4senter denn je zuvor.<\/p>\n<p style=\"color: #ffffff; text-align: justify;\">Derzeit gibt es mehrere Hotelunternehmen mit qualitativ hochwertiger Infrastruktur f\u00fcr Tagungen, Veranstaltungen und Event Design auf Menorca. Ausserdem verf\u00fcgen wir auch \u00fcber unglaubliche R\u00e4umlichekeiten die alle Ihre Bed\u00fcrfnisse in Bezug auf Tagung, Gastronomie und Teambuilding Aktivit\u00e4ten decken. Somit verwandelt sich dieses Naturparadies in das ideale Reiseziel um Arbeit und Freizeit zu kombinieren, ohne Zweifel eine Bleisure Erfahrung wie keine andere.<\/p>\n<p>[\/vc_column_text]\t\t<\/div>\n\t<\/div>\n<\/div><\/div>[\/vc_column][\/vc_row][vc_row css=&#8220;.vc_custom_1584442264033{padding-top: 5% !important;padding-bottom: 0px !important;}&#8220;][vc_column][vc_row_inner row_content_width=&#8220;grid&#8220; css=&#8220;.vc_custom_1584441872025{padding-right: 3% !important;padding-left: 3% !important;}&#8220;][vc_column_inner]<div class=\"mkdf-section-title-holder  \" style=\"text-align: center\">\n\t<div class=\"mkdf-st-inner\">\n\t\t\t\t\t<h6 class=\"mkdf-st-tagline\" >\n\t\t\t\tWarum sollten Sie eine Veranstaltung auf Menorca organisieren?\t\t\t<\/h6>\n\t\t\t\t\t\t\t<h2 class=\"mkdf-st-title\" >\n\t\t\t\tEntdecken Sie ein Paradies\t\t\t\t<span class=\"mkdf-st-title-mark\" ><\/span>\n\t\t\t<\/h2>\n\t\t\t\t\t\t\t<div class=\"mkdf-st-separator\" style=\"background-color: #9d8562\"><\/div>\n\t\t\t\t\t\t\t<h5 class=\"mkdf-st-subtitle\" style=\"color: #000000\">\n\t\t\t\tNaturparks und kristallklares Wasser\t\t\t<\/h5>\n\t\t\t\t\t<\/div>\n<\/div>[vc_column_text css=&#8220;.vc_custom_1620975388768{margin-top: 2% !important;}&#8220;]<\/p>\n<p style=\"text-align: center;\">Es gibt mehrere Gr\u00fcnde, die uns dazu veranlassen, die Event Design auf <a href=\"https:\/\/reisemagazin-online.com\/die-schoensten-urlaubsorte-auf-menorca\/\" target=\"_blank\" rel=\"noopener\">Menorca<\/a> zu empfehlen: die Dimensionen der Insel sind ausreichend, um eine Vielzahl von Unterk\u00fcnften, Gastronomie und Freizeitaktivit\u00e4ten anzubieten, aber wiederum passend um weite Transfers zu vermeiden. Ausserdem gibt es Flugverbindungen mit praktisch allen St\u00e4dten Europas, einen geringen Zustrom von Touristen w\u00e4hrend der Monate mit mehr Kongressaktivit\u00e4ten und eine Umgebung voller Kontrasten die erfolgreiche Veranstaltungen garantieren.<\/p>\n<p>[\/vc_column_text][vc_empty_space height=&#8220;70px&#8220;][\/vc_column_inner][\/vc_row_inner]<div class=\"mkdf-image-gallery  mkdf-ig-masonry-type mkdf-has-shadow \">\n\t<div class=\"mkdf-ig-inner mkdf-ig-masonry mkdf-ig-three-columns mkdf-ig-no-space\">\n\t\t<div class=\"mkdf-ig-grid-sizer\"><\/div>\n\t\t<div class=\"mkdf-ig-grid-gutter\"><\/div>\n\t\t\t\t\t\t\t\t<div class=\"mkdf-ig-image \">\n\t\t\t\t<div class=\"mkdf-ig-image-inner\">\n\t\t\t\t\t\t\t\t\t\t\t<img loading=\"lazy\" decoding=\"async\" width=\"855\" height=\"625\" src=\"https:\/\/nimaevents.com\/wp-content\/uploads\/2020\/06\/thumbnailMenorca-2.jpg\" class=\"attachment- size-\" alt=\"eventos en menorca - gastronomia\" srcset=\"https:\/\/nimaevents.com\/wp-content\/uploads\/2020\/06\/thumbnailMenorca-2.jpg 855w, https:\/\/nimaevents.com\/wp-content\/uploads\/2020\/06\/thumbnailMenorca-2-300x219.jpg 300w, https:\/\/nimaevents.com\/wp-content\/uploads\/2020\/06\/thumbnailMenorca-2-768x561.jpg 768w\" sizes=\"auto, (max-width: 855px) 100vw, 855px\" \/>\t\t\t\t\t\t\t\t\t<\/div>\n\t\t\t<\/div>\n\t\t\t\t\t\t\t\t<div class=\"mkdf-ig-image \">\n\t\t\t\t<div class=\"mkdf-ig-image-inner\">\n\t\t\t\t\t\t\t\t\t\t\t<img loading=\"lazy\" decoding=\"async\" width=\"855\" height=\"625\" src=\"https:\/\/nimaevents.com\/wp-content\/uploads\/2020\/06\/destino-menorca-3.jpg\" class=\"attachment- size-\" alt=\"eventos en menorca cultura\" srcset=\"https:\/\/nimaevents.com\/wp-content\/uploads\/2020\/06\/destino-menorca-3.jpg 855w, https:\/\/nimaevents.com\/wp-content\/uploads\/2020\/06\/destino-menorca-3-300x219.jpg 300w, https:\/\/nimaevents.com\/wp-content\/uploads\/2020\/06\/destino-menorca-3-768x561.jpg 768w\" sizes=\"auto, (max-width: 855px) 100vw, 855px\" \/>\t\t\t\t\t\t\t\t\t<\/div>\n\t\t\t<\/div>\n\t\t\t\t\t\t\t\t<div class=\"mkdf-ig-image \">\n\t\t\t\t<div class=\"mkdf-ig-image-inner\">\n\t\t\t\t\t\t\t\t\t\t\t<img loading=\"lazy\" decoding=\"async\" width=\"855\" height=\"625\" src=\"https:\/\/nimaevents.com\/wp-content\/uploads\/2020\/06\/destino-Menorca-1.jpg\" class=\"attachment- size-\" alt=\"eventos en menorca playa\" srcset=\"https:\/\/nimaevents.com\/wp-content\/uploads\/2020\/06\/destino-Menorca-1.jpg 855w, https:\/\/nimaevents.com\/wp-content\/uploads\/2020\/06\/destino-Menorca-1-300x219.jpg 300w, https:\/\/nimaevents.com\/wp-content\/uploads\/2020\/06\/destino-Menorca-1-768x561.jpg 768w\" sizes=\"auto, (max-width: 855px) 100vw, 855px\" \/>\t\t\t\t\t\t\t\t\t<\/div>\n\t\t\t<\/div>\n\t\t\t<\/div>\n<\/div>[\/vc_column][\/vc_row][vc_row css=&#8220;.vc_custom_1584348033736{padding-top: 3% !important;background-color: #efefef !important;}&#8220;][vc_column]<div class=\"mkdf-section-title-holder  \" style=\"text-align: center\">\n\t<div class=\"mkdf-st-inner\">\n\t\t\t\t\t<h6 class=\"mkdf-st-tagline\" >\n\t\t\t\tW\u00e4re Menorca etwas f\u00fcr Ihren n\u00e4chsten Event?\t\t\t<\/h6>\n\t\t\t\t\t\t\t<h2 class=\"mkdf-st-title\" >\n\t\t\t\tHolen Sie sich Ideen\t\t\t\t<span class=\"mkdf-st-title-mark\" ><\/span>\n\t\t\t<\/h2>\n\t\t\t\t\t\t\t<div class=\"mkdf-st-separator\" style=\"background-color: #9d8562\"><\/div>\n\t\t\t\t\t\t\t<\/div>\n<\/div>[vc_empty_space height=&#8220;70px&#8220;]<div class=\"mkdf-elements-holder   mkdf-one-column  mkdf-responsive-mode-768 \" ><div class=\"mkdf-eh-item    \"  data-item-class=\"mkdf-eh-custom-3008\">\n\t<div class=\"mkdf-eh-item-inner\">\n\t\t<div class=\"mkdf-eh-item-content mkdf-eh-custom-3008\" style=\"padding: 0px 10%\">\n\t\t\t<div class=\"mkdf-blog-list-holder mkdf-bl-standard mkdf-bl-three-columns mkdf-bl-normal-space mkdf-bl-light mkdf-bl-pag-no-pagination \"  data-type=standard data-number-of-posts=6 data-number-of-columns=3 data-space-between-columns=normal data-category=menorca data-order-by=date data-order=DESC data-image-size=full data-content-bg=light data-title-tag=h4 data-excerpt-length=40 data-post-info-section=yes data-post-info-image=yes data-post-info-author=no data-post-info-date=yes data-post-info-category=no data-post-info-comments=no data-post-info-share=no data-disable-shadow=no data-pagination-type=no-pagination data-max-num-pages=1 data-next-page=2>\n\t<div class=\"mkdf-bl-wrapper\">\n\t\t<ul class=\"mkdf-blog-list\">\n\t\t\t<li class=\"mkdf-bl-item clearfix\">\n\t<div class=\"mkdf-bli-inner\">\n\t\t\n\t<div class=\"mkdf-post-image\">\n\t\t\t\t\t\t\t<a itemprop=\"url\" href=\"https:\/\/nimaevents.com\/de\/2026\/09\/04\/nachhaltige-veranstaltungen-vermaechtnis-inseln\/\" title=\"Nachhaltige Veranstaltungen, die ein Verm\u00e4chtnis auf unseren Inseln hinterlassen\">\n\t\t\t\t\t\t\t\t\t<img loading=\"lazy\" decoding=\"async\" width=\"2500\" height=\"1679\" src=\"https:\/\/nimaevents.com\/wp-content\/uploads\/2021\/12\/Pagesos-med-1-1.jpg\" class=\"attachment-full size-full wp-post-image\" alt=\"Eventos sostenibles que dejan legado en nuestras Islas\" srcset=\"https:\/\/nimaevents.com\/wp-content\/uploads\/2021\/12\/Pagesos-med-1-1.jpg 2500w, https:\/\/nimaevents.com\/wp-content\/uploads\/2021\/12\/Pagesos-med-1-1-300x201.jpg 300w, https:\/\/nimaevents.com\/wp-content\/uploads\/2021\/12\/Pagesos-med-1-1-1024x688.jpg 1024w, https:\/\/nimaevents.com\/wp-content\/uploads\/2021\/12\/Pagesos-med-1-1-768x516.jpg 768w, https:\/\/nimaevents.com\/wp-content\/uploads\/2021\/12\/Pagesos-med-1-1-1536x1032.jpg 1536w\" sizes=\"auto, (max-width: 2500px) 100vw, 2500px\" \/>\t\t\t\t\t\t\t\t<\/a>\n\t\t\t<\/div>\n        <div class=\"mkdf-bli-content\">\n            \t\t        <div class=\"mkdf-bli-info-top\">\n\t\t\t        <div itemprop=\"dateCreated\" class=\"mkdf-post-info-date entry-date published updated\">\n            <a itemprop=\"url\" href=\"https:\/\/nimaevents.com\/de\/2026\/09\/\">\n    \n        4. September 2026        <\/a>\n    <meta itemprop=\"interactionCount\" content=\"UserComments: 0\"\/>\n<\/div>\t\t        <\/div>\n\t            \n<h4 itemprop=\"name\" class=\"entry-title mkdf-post-title\" >\n            <a itemprop=\"url\" href=\"https:\/\/nimaevents.com\/de\/2026\/09\/04\/nachhaltige-veranstaltungen-vermaechtnis-inseln\/\" title=\"Nachhaltige Veranstaltungen, die ein Verm\u00e4chtnis auf unseren Inseln hinterlassen\">\n            Nachhaltige Veranstaltungen, die ein Verm\u00e4chtnis auf unseren Inseln hinterlassen            <\/a>\n    <\/h4>\t            <div class=\"mkdf-bli-excerpt\">\n\t\t            \t\t<div class=\"mkdf-post-excerpt-holder\">\n\t\t\t<p itemprop=\"description\" class=\"mkdf-post-excerpt\">\n\t\t\t\tUnser Team versteht Veranstaltungen als eine transformative Erfahrung f\u00fcr die Teilnehmer und die Umgebung, in der sie stattfinden. Wenn Sie also einen Beitrag leisten und Ihr eigenes Verm\u00e4chtnis auf unseren Inseln hinterlassen m\u00f6chten, unterst\u00fctzen wir Sie gerne dabei.\t\t\t<\/p>\n\t\t<\/div>\n\t\t\t            \t<div class=\"mkdf-post-read-more-button\">\n\t\t<a itemprop=\"url\" href=\"https:\/\/nimaevents.com\/de\/2026\/09\/04\/nachhaltige-veranstaltungen-vermaechtnis-inseln\/\" target=\"_self\"  class=\"mkdf-btn mkdf-btn-medium mkdf-btn-simple mkdf-blog-list-button\"  >    \t<span class=\"mkdf-btn-text\">READ MORE<\/span>\t        \t<\/a>\t<\/div>\n\t            <\/div>\n\t                        \n        <\/div>\n\t<\/div>\n<\/li>\t\t<\/ul>\n\t<\/div>\n\t<\/div>\t\t<\/div>\n\t<\/div>\n<\/div><\/div>[\/vc_column][\/vc_row][vc_row css=&#8220;.vc_custom_1585738150278{padding-top: 2% !important;padding-bottom: 0px !important;}&#8220;][vc_column][vc_row_inner row_content_width=&#8220;grid&#8220; css=&#8220;.vc_custom_1584441872025{padding-right: 3% !important;padding-left: 3% !important;}&#8220;][vc_column_inner]<div class=\"mkdf-section-title-holder  \" style=\"text-align: center\">\n\t<div class=\"mkdf-st-inner\">\n\t\t\t\t\t<h6 class=\"mkdf-st-tagline\" >\n\t\t\t\tEndecken Sie die anderen Inseln\t\t\t<\/h6>\n\t\t\t\t\t\t\t<h2 class=\"mkdf-st-title\" >\n\t\t\t\tWeitere Destinationen\t\t\t\t<span class=\"mkdf-st-title-mark\" ><\/span>\n\t\t\t<\/h2>\n\t\t\t\t\t\t\t<div class=\"mkdf-st-separator\" style=\"background-color: #9d8562\"><\/div>\n\t\t\t\t\t\t\t<\/div>\n<\/div>[vc_empty_space height=&#8220;70px&#8220;][\/vc_column_inner][\/vc_row_inner]<div class=\"mkdf-image-gallery  mkdf-ig-masonry-type mkdf-has-shadow mkdf-image-behavior-custom-link\">\n\t<div class=\"mkdf-ig-inner mkdf-ig-masonry mkdf-ig-three-columns mkdf-ig-no-space\">\n\t\t<div class=\"mkdf-ig-grid-sizer\"><\/div>\n\t\t<div class=\"mkdf-ig-grid-gutter\"><\/div>\n\t\t\t\t\t\t\t\t<div class=\"mkdf-ig-image \">\n\t\t\t\t<div class=\"mkdf-ig-image-inner\">\n\t\t\t\t\t\t\t\t\t\t\t<a itemprop=\"url\" class=\"mkdf-ig-custom-link\" href=\"\/de\/events-auf-mallorca\/\" target=\"_self\" title=\"Mallorca\">\n\t\t\t\t\t\t\t\t\t\t\t<img loading=\"lazy\" decoding=\"async\" width=\"1300\" height=\"1300\" src=\"https:\/\/nimaevents.com\/wp-content\/uploads\/2020\/05\/Mallorca.jpg\" class=\"attachment- size-\" alt=\"Destination Management Company Mallorca\" srcset=\"https:\/\/nimaevents.com\/wp-content\/uploads\/2020\/05\/Mallorca.jpg 1300w, https:\/\/nimaevents.com\/wp-content\/uploads\/2020\/05\/Mallorca-300x300.jpg 300w, https:\/\/nimaevents.com\/wp-content\/uploads\/2020\/05\/Mallorca-1024x1024.jpg 1024w, https:\/\/nimaevents.com\/wp-content\/uploads\/2020\/05\/Mallorca-150x150.jpg 150w, https:\/\/nimaevents.com\/wp-content\/uploads\/2020\/05\/Mallorca-768x768.jpg 768w, https:\/\/nimaevents.com\/wp-content\/uploads\/2020\/05\/Mallorca-550x550.jpg 550w, https:\/\/nimaevents.com\/wp-content\/uploads\/2020\/05\/Mallorca-1100x1100.jpg 1100w\" sizes=\"auto, (max-width: 1300px) 100vw, 1300px\" \/>\t\t\t\t\t\t\t\t\t\t\t<\/a>\n\t\t\t\t\t\t\t\t\t<\/div>\n\t\t\t<\/div>\n\t\t\t\t\t\t\t\t<div class=\"mkdf-ig-image \">\n\t\t\t\t<div class=\"mkdf-ig-image-inner\">\n\t\t\t\t\t\t\t\t\t\t\t<a itemprop=\"url\" class=\"mkdf-ig-custom-link\" href=\"\/de\/eventorganisation-auf-ibiza\/\" target=\"_self\" title=\"ibiza\">\n\t\t\t\t\t\t\t\t\t\t\t<img loading=\"lazy\" decoding=\"async\" width=\"1300\" height=\"1300\" src=\"https:\/\/nimaevents.com\/wp-content\/uploads\/2020\/05\/ibiza.jpg\" class=\"attachment- size-\" alt=\"Destination Management Company Ibiza\" srcset=\"https:\/\/nimaevents.com\/wp-content\/uploads\/2020\/05\/ibiza.jpg 1300w, https:\/\/nimaevents.com\/wp-content\/uploads\/2020\/05\/ibiza-300x300.jpg 300w, https:\/\/nimaevents.com\/wp-content\/uploads\/2020\/05\/ibiza-1024x1024.jpg 1024w, https:\/\/nimaevents.com\/wp-content\/uploads\/2020\/05\/ibiza-150x150.jpg 150w, https:\/\/nimaevents.com\/wp-content\/uploads\/2020\/05\/ibiza-768x768.jpg 768w, https:\/\/nimaevents.com\/wp-content\/uploads\/2020\/05\/ibiza-550x550.jpg 550w, https:\/\/nimaevents.com\/wp-content\/uploads\/2020\/05\/ibiza-1100x1100.jpg 1100w\" sizes=\"auto, (max-width: 1300px) 100vw, 1300px\" \/>\t\t\t\t\t\t\t\t\t\t\t<\/a>\n\t\t\t\t\t\t\t\t\t<\/div>\n\t\t\t<\/div>\n\t\t\t\t\t\t\t\t<div class=\"mkdf-ig-image \">\n\t\t\t\t<div class=\"mkdf-ig-image-inner\">\n\t\t\t\t\t\t\t\t\t\t\t<a itemprop=\"url\" class=\"mkdf-ig-custom-link\" href=\"\/de\/formentera-fuer-besondere-events\/\" target=\"_self\" title=\"formentera\">\n\t\t\t\t\t\t\t\t\t\t\t<img loading=\"lazy\" decoding=\"async\" width=\"1300\" height=\"1300\" src=\"https:\/\/nimaevents.com\/wp-content\/uploads\/2020\/05\/formentera.jpg\" class=\"attachment- size-\" alt=\"Destination Management Company Formentera\" srcset=\"https:\/\/nimaevents.com\/wp-content\/uploads\/2020\/05\/formentera.jpg 1300w, https:\/\/nimaevents.com\/wp-content\/uploads\/2020\/05\/formentera-300x300.jpg 300w, https:\/\/nimaevents.com\/wp-content\/uploads\/2020\/05\/formentera-1024x1024.jpg 1024w, https:\/\/nimaevents.com\/wp-content\/uploads\/2020\/05\/formentera-150x150.jpg 150w, https:\/\/nimaevents.com\/wp-content\/uploads\/2020\/05\/formentera-768x768.jpg 768w, https:\/\/nimaevents.com\/wp-content\/uploads\/2020\/05\/formentera-550x550.jpg 550w, https:\/\/nimaevents.com\/wp-content\/uploads\/2020\/05\/formentera-1100x1100.jpg 1100w\" sizes=\"auto, (max-width: 1300px) 100vw, 1300px\" \/>\t\t\t\t\t\t\t\t\t\t\t<\/a>\n\t\t\t\t\t\t\t\t\t<\/div>\n\t\t\t<\/div>\n\t\t\t<\/div>\n<\/div>[\/vc_column][\/vc_row]<\/p>\n","protected":false},"excerpt":{"rendered":"<p>[vc_row][vc_column][\/vc_column][\/vc_row][vc_row css=&#8220;.vc_custom_1584350432218{padding-top: 3% !important;padding-bottom: 1% !important;background-position: 0 0 !important;background-repeat: no-repeat !important;}&#8220;][vc_column][vc_row_inner gap=&#8220;35&#8243; row_content_width=&#8220;grid&#8220;][vc_column_inner][vc_column_text css=&#8220;.vc_custom_1620975295602{margin-top: 2% !important;}&#8220;] Die Insel des Windes und der Ruhe ist die zweitgr\u00f6sste der Balearen. Eine aussergew\u00f6hnliche und noch unentdeckte Oase l\u00e4dt uns ein Ihre traditionelle Landschaft [&hellip;]<\/p>\n","protected":false},"author":1,"featured_media":0,"parent":0,"menu_order":0,"comment_status":"closed","ping_status":"closed","template":"full-width.php","meta":{"footnotes":""},"class_list":["post-12039","page","type-page","status-publish","hentry"],"yoast_head":"<!-- This site is optimized with the Yoast SEO plugin v28.0 - https:\/\/yoast.com\/product\/yoast-seo-wordpress\/ -->\n<title>Event Design auf Menorca - DMC NIMA EVENTS<\/title>\n<meta name=\"description\" content=\"Menorca ist ein MICE-Reiseziel mit vielen M\u00f6glichkeiten f\u00fcr Veranstaltungen. Wir sind eine Incoming-Agentur f\u00fcr Event-Design auf Menorca.\" \/>\n<meta name=\"robots\" content=\"index, follow, max-snippet:-1, max-image-preview:large, max-video-preview:-1\" \/>\n<link rel=\"canonical\" href=\"https:\/\/nimaevents.com\/de\/event-design-auf-menorca\/\" \/>\n<meta property=\"og:locale\" content=\"de_DE\" \/>\n<meta property=\"og:type\" content=\"article\" \/>\n<meta property=\"og:title\" content=\"Event Design auf Menorca - DMC NIMA EVENTS\" \/>\n<meta property=\"og:description\" content=\"Menorca ist ein MICE-Reiseziel mit vielen M\u00f6glichkeiten f\u00fcr Veranstaltungen. Wir sind eine Incoming-Agentur f\u00fcr Event-Design auf Menorca.\" \/>\n<meta property=\"og:url\" content=\"https:\/\/nimaevents.com\/de\/event-design-auf-menorca\/\" \/>\n<meta property=\"og:site_name\" content=\"Nima Events\" \/>\n<meta property=\"article:modified_time\" content=\"2025-01-05T08:16:04+00:00\" \/>\n<meta name=\"twitter:card\" content=\"summary_large_image\" \/>\n<meta name=\"twitter:label1\" content=\"Gesch\u00e4tzte Lesezeit\" \/>\n\t<meta name=\"twitter:data1\" content=\"3\u00a0Minuten\" \/>\n<script type=\"application\/ld+json\" class=\"yoast-schema-graph\">{\"@context\":\"https:\\\/\\\/schema.org\",\"@graph\":[{\"@type\":\"WebPage\",\"@id\":\"https:\\\/\\\/nimaevents.com\\\/de\\\/event-design-auf-menorca\\\/\",\"url\":\"https:\\\/\\\/nimaevents.com\\\/de\\\/event-design-auf-menorca\\\/\",\"name\":\"Event Design auf Menorca - DMC NIMA EVENTS\",\"isPartOf\":{\"@id\":\"https:\\\/\\\/nimaevents.com\\\/#website\"},\"datePublished\":\"2020-03-19T11:39:32+00:00\",\"dateModified\":\"2025-01-05T08:16:04+00:00\",\"description\":\"Menorca ist ein MICE-Reiseziel mit vielen M\u00f6glichkeiten f\u00fcr Veranstaltungen. Wir sind eine Incoming-Agentur f\u00fcr Event-Design auf Menorca.\",\"breadcrumb\":{\"@id\":\"https:\\\/\\\/nimaevents.com\\\/de\\\/event-design-auf-menorca\\\/#breadcrumb\"},\"inLanguage\":\"de\",\"potentialAction\":[{\"@type\":\"ReadAction\",\"target\":[\"https:\\\/\\\/nimaevents.com\\\/de\\\/event-design-auf-menorca\\\/\"]}]},{\"@type\":\"BreadcrumbList\",\"@id\":\"https:\\\/\\\/nimaevents.com\\\/de\\\/event-design-auf-menorca\\\/#breadcrumb\",\"itemListElement\":[{\"@type\":\"ListItem\",\"position\":1,\"name\":\"Portada\",\"item\":\"https:\\\/\\\/nimaevents.com\\\/de\\\/\"},{\"@type\":\"ListItem\",\"position\":2,\"name\":\"Destino Menorca\"}]},{\"@type\":\"WebSite\",\"@id\":\"https:\\\/\\\/nimaevents.com\\\/#website\",\"url\":\"https:\\\/\\\/nimaevents.com\\\/\",\"name\":\"Nima Events\",\"description\":\"Otro sitio realizado con WordPress\",\"potentialAction\":[{\"@type\":\"SearchAction\",\"target\":{\"@type\":\"EntryPoint\",\"urlTemplate\":\"https:\\\/\\\/nimaevents.com\\\/?s={search_term_string}\"},\"query-input\":{\"@type\":\"PropertyValueSpecification\",\"valueRequired\":true,\"valueName\":\"search_term_string\"}}],\"inLanguage\":\"de\"}]}<\/script>\n<!-- \/ Yoast SEO plugin. -->","yoast_head_json":{"title":"Event Design auf Menorca - DMC NIMA EVENTS","description":"Menorca ist ein MICE-Reiseziel mit vielen M\u00f6glichkeiten f\u00fcr Veranstaltungen. Wir sind eine Incoming-Agentur f\u00fcr Event-Design auf Menorca.","robots":{"index":"index","follow":"follow","max-snippet":"max-snippet:-1","max-image-preview":"max-image-preview:large","max-video-preview":"max-video-preview:-1"},"canonical":"https:\/\/nimaevents.com\/de\/event-design-auf-menorca\/","og_locale":"de_DE","og_type":"article","og_title":"Event Design auf Menorca - DMC NIMA EVENTS","og_description":"Menorca ist ein MICE-Reiseziel mit vielen M\u00f6glichkeiten f\u00fcr Veranstaltungen. Wir sind eine Incoming-Agentur f\u00fcr Event-Design auf Menorca.","og_url":"https:\/\/nimaevents.com\/de\/event-design-auf-menorca\/","og_site_name":"Nima Events","article_modified_time":"2025-01-05T08:16:04+00:00","twitter_card":"summary_large_image","twitter_misc":{"Gesch\u00e4tzte Lesezeit":"3\u00a0Minuten"},"schema":{"@context":"https:\/\/schema.org","@graph":[{"@type":"WebPage","@id":"https:\/\/nimaevents.com\/de\/event-design-auf-menorca\/","url":"https:\/\/nimaevents.com\/de\/event-design-auf-menorca\/","name":"Event Design auf Menorca - DMC NIMA EVENTS","isPartOf":{"@id":"https:\/\/nimaevents.com\/#website"},"datePublished":"2020-03-19T11:39:32+00:00","dateModified":"2025-01-05T08:16:04+00:00","description":"Menorca ist ein MICE-Reiseziel mit vielen M\u00f6glichkeiten f\u00fcr Veranstaltungen. Wir sind eine Incoming-Agentur f\u00fcr Event-Design auf Menorca.","breadcrumb":{"@id":"https:\/\/nimaevents.com\/de\/event-design-auf-menorca\/#breadcrumb"},"inLanguage":"de","potentialAction":[{"@type":"ReadAction","target":["https:\/\/nimaevents.com\/de\/event-design-auf-menorca\/"]}]},{"@type":"BreadcrumbList","@id":"https:\/\/nimaevents.com\/de\/event-design-auf-menorca\/#breadcrumb","itemListElement":[{"@type":"ListItem","position":1,"name":"Portada","item":"https:\/\/nimaevents.com\/de\/"},{"@type":"ListItem","position":2,"name":"Destino Menorca"}]},{"@type":"WebSite","@id":"https:\/\/nimaevents.com\/#website","url":"https:\/\/nimaevents.com\/","name":"Nima Events","description":"Otro sitio realizado con WordPress","potentialAction":[{"@type":"SearchAction","target":{"@type":"EntryPoint","urlTemplate":"https:\/\/nimaevents.com\/?s={search_term_string}"},"query-input":{"@type":"PropertyValueSpecification","valueRequired":true,"valueName":"search_term_string"}}],"inLanguage":"de"}]}},"_links":{"self":[{"href":"https:\/\/nimaevents.com\/de\/wp-json\/wp\/v2\/pages\/12039","targetHints":{"allow":["GET"]}}],"collection":[{"href":"https:\/\/nimaevents.com\/de\/wp-json\/wp\/v2\/pages"}],"about":[{"href":"https:\/\/nimaevents.com\/de\/wp-json\/wp\/v2\/types\/page"}],"author":[{"embeddable":true,"href":"https:\/\/nimaevents.com\/de\/wp-json\/wp\/v2\/users\/1"}],"replies":[{"embeddable":true,"href":"https:\/\/nimaevents.com\/de\/wp-json\/wp\/v2\/comments?post=12039"}],"version-history":[{"count":9,"href":"https:\/\/nimaevents.com\/de\/wp-json\/wp\/v2\/pages\/12039\/revisions"}],"predecessor-version":[{"id":13058,"href":"https:\/\/nimaevents.com\/de\/wp-json\/wp\/v2\/pages\/12039\/revisions\/13058"}],"wp:attachment":[{"href":"https:\/\/nimaevents.com\/de\/wp-json\/wp\/v2\/media?parent=12039"}],"curies":[{"name":"wp","href":"https:\/\/api.w.org\/{rel}","templated":true}]}}